{"id":203,"date":"2026-01-14T15:28:50","date_gmt":"2026-01-14T14:28:50","guid":{"rendered":"https:\/\/global.aermec.com\/?page_id=203"},"modified":"2026-03-20T12:43:36","modified_gmt":"2026-03-20T11:43:36","slug":"azienda","status":"publish","type":"page","link":"https:\/\/global.aermec.com\/it\/azienda\/","title":{"rendered":"Azienda"},"content":{"rendered":"\t\t<div data-elementor-type=\"wp-page\" data-elementor-id=\"203\" class=\"elementor elementor-203\" data-elementor-post-type=\"page\">\n\t\t\t\t<div class=\"elementor-element elementor-element-1c30d46 e-flex e-con-boxed e-con e-child\" data-id=\"1c30d46\" data-element_type=\"container\" data-e-type=\"container\" data-settings=\"{&quot;background_background&quot;:&quot;classic&quot;}\">\n\t\t\t\t\t<div class=\"e-con-inner\">\n\t\t\t\t\t<\/div>\n\t\t\t\t<\/div>\n\t\t<div class=\"elementor-element elementor-element-0321f6f e-flex e-con-boxed e-con e-parent\" data-id=\"0321f6f\" data-element_type=\"container\" data-e-type=\"container\">\n\t\t\t\t\t<div class=\"e-con-inner\">\n\t\t<div class=\"elementor-element elementor-element-e14a55e e-con-full e-flex e-con e-child\" data-id=\"e14a55e\" data-element_type=\"container\" data-e-type=\"container\">\n\t\t\t\t<div class=\"elementor-element elementor-element-a17550f elementor-widget elementor-widget-heading\" data-id=\"a17550f\" data-element_type=\"widget\" data-e-type=\"widget\" data-widget_type=\"heading.default\">\n\t\t\t\t\t<h1 class=\"elementor-heading-title elementor-size-default\">Azienda<\/h1>\t\t\t\t<\/div>\n\t\t\t\t<div class=\"elementor-element elementor-element-01fa4c7 elementor-widget__width-initial elementor-widget elementor-widget-heading\" data-id=\"01fa4c7\" data-element_type=\"widget\" data-e-type=\"widget\" data-widget_type=\"heading.default\">\n\t\t\t\t\t<h2 class=\"elementor-heading-title elementor-size-default\">Aermec rappresenta l'eccellenza internazionale \nnel comfort e nell'innovazione sostenibile.<\/h2>\t\t\t\t<\/div>\n\t\t\t\t<div class=\"elementor-element elementor-element-e373320 elementor-widget elementor-widget-text-editor\" data-id=\"e373320\" data-element_type=\"widget\" data-e-type=\"widget\" data-widget_type=\"text-editor.default\">\n\t\t\t\t\t\t\t\t\t<p>Fondata nel 1961 da Giordano Riello con l\u2019obiettivo di garantire benessere e comfort in ogni ambiente dove si vive e si lavora, <strong>Aermec <\/strong>si \u00e8 evoluta da realt\u00e0 territoriale a <strong>punto di riferimento internazionale<\/strong> nella climatizzazione ed opera oggi in oltre <strong>140 Paesi<\/strong>. Grazie a un costante investimento in ricerca e allo sviluppo di tecnologie d&#8217;avanguardia, l\u2019azienda offre una gamma che supera le <strong>10.000 configurazioni di prodotto<\/strong>, capaci di rispondere con flessibilit\u00e0 a tutte le esigenze del mercato, dal piccolo impianto residenziale alle complesse applicazioni dedicate ai servizi, all\u2019industria e all\u2019accoglienza.<\/p>\n<p>La filosofia aziendale coniuga <strong>l\u2019eccellenza tecnica<\/strong> con una forte attenzione all\u2019<strong>etica della sostenibilit\u00e0<\/strong>, promuove il <strong>risparmio energetico<\/strong>, l\u2019uso di fonti rinnovabili e la salvaguardia della salute attraverso soluzioni progettate per migliorare la qualit\u00e0 della vita.<\/p>\t\t\t\t\t\t\t\t<\/div>\n\t\t\t\t<\/div>\n\t\t\t\t<div class=\"elementor-element elementor-element-04039ed elementor-widget-divider--view-line elementor-widget elementor-widget-divider\" data-id=\"04039ed\" data-element_type=\"widget\" data-e-type=\"widget\" data-widget_type=\"divider.default\">\n\t\t\t\t\t\t\t<div class=\"elementor-divider\">\n\t\t\t<span class=\"elementor-divider-separator\">\n\t\t\t\t\t\t<\/span>\n\t\t<\/div>\n\t\t\t\t\t\t<\/div>\n\t\t<div class=\"elementor-element elementor-element-399dd6a e-con-full e-grid e-con e-child\" data-id=\"399dd6a\" data-element_type=\"container\" data-e-type=\"container\">\n\t\t<div class=\"elementor-element elementor-element-6176d4d e-con-full e-flex e-con e-child\" data-id=\"6176d4d\" data-element_type=\"container\" data-e-type=\"container\" data-settings=\"{&quot;background_background&quot;:&quot;gradient&quot;}\">\n\t\t\t\t<div class=\"elementor-element elementor-element-5e2b0bb elementor-widget__width-initial elementor-widget elementor-widget-heading\" data-id=\"5e2b0bb\" data-element_type=\"widget\" data-e-type=\"widget\" data-widget_type=\"heading.default\">\n\t\t\t\t\t<h3 class=\"elementor-heading-title elementor-size-default\">Soluzioni <br>\nper ogni clima<\/h3>\t\t\t\t<\/div>\n\t\t\t\t<div class=\"elementor-element elementor-element-07af653 elementor-view-default elementor-widget elementor-widget-icon\" data-id=\"07af653\" data-element_type=\"widget\" data-e-type=\"widget\" data-widget_type=\"icon.default\">\n\t\t\t\t\t\t\t<div class=\"elementor-icon-wrapper\">\n\t\t\t<div class=\"elementor-icon\">\n\t\t\t<svg xmlns=\"http:\/\/www.w3.org\/2000\/svg\" id=\"Livello_1\" viewBox=\"0 0 31 9\"><polygon class=\"st0\" points=\"31 4.5 24.25 .6 24.25 4 0 4 0 5 24.25 5 24.25 8.4 31 4.5\"><\/polygon><\/svg>\t\t\t<\/div>\n\t\t<\/div>\n\t\t\t\t\t\t<\/div>\n\t\t\t\t<\/div>\n\t\t<div class=\"elementor-element elementor-element-ff12ac9 e-con-full e-flex e-con e-child\" data-id=\"ff12ac9\" data-element_type=\"container\" data-e-type=\"container\" data-settings=\"{&quot;background_background&quot;:&quot;classic&quot;}\">\n\t\t\t\t<div class=\"elementor-element elementor-element-69a7332 elementor-widget__width-initial elementor-widget elementor-widget-heading\" data-id=\"69a7332\" data-element_type=\"widget\" data-e-type=\"widget\" data-widget_type=\"heading.default\">\n\t\t\t\t\t<h3 class=\"elementor-heading-title elementor-size-default\">Esperienza e versatilit\u00e0 applicativa<\/h3>\t\t\t\t<\/div>\n\t\t\t\t<div class=\"elementor-element elementor-element-8de1a8a elementor-widget elementor-widget-text-editor\" data-id=\"8de1a8a\" data-element_type=\"widget\" data-e-type=\"widget\" data-widget_type=\"text-editor.default\">\n\t\t\t\t\t\t\t\t\t<p>Aermec evolve per rispondere con flessibilit\u00e0 a mercati diversificati in oltre 140 Paesi. I prodotti Aermec garantiscono il benessere in ambiti residenziali, commerciali, centri elaborazione dati, strutture sanitarie, industrie e servizi, fino alle grandi infrastrutture come aeroporti e metropolitane, musei e palazzi storici con applicazioni sviluppate su misura per risolvere le sfide progettuali pi\u00f9 complesse.<\/p>\t\t\t\t\t\t\t\t<\/div>\n\t\t\t\t<\/div>\n\t\t<div class=\"elementor-element elementor-element-05ab33c e-con-full e-flex e-con e-child\" data-id=\"05ab33c\" data-element_type=\"container\" data-e-type=\"container\" data-settings=\"{&quot;background_background&quot;:&quot;classic&quot;}\">\n\t\t\t\t<div class=\"elementor-element elementor-element-d4cec90 elementor-widget__width-initial elementor-widget elementor-widget-heading\" data-id=\"d4cec90\" data-element_type=\"widget\" data-e-type=\"widget\" data-widget_type=\"heading.default\">\n\t\t\t\t\t<h3 class=\"elementor-heading-title elementor-size-default\">Innovazione continua \nal servizio del cliente<\/h3>\t\t\t\t<\/div>\n\t\t\t\t<div class=\"elementor-element elementor-element-01a3666 elementor-widget elementor-widget-text-editor\" data-id=\"01a3666\" data-element_type=\"widget\" data-e-type=\"widget\" data-widget_type=\"text-editor.default\">\n\t\t\t\t\t\t\t\t\t<p>La ricerca e la qualit\u00e0 totale guidano ogni attivit\u00e0, sostenute da investimenti costanti in robotica flessibile e tecnologie digitali. Aermec punta sull\u2019innovazione: dai laboratori d&#8217;avanguardia alla tracciabilit\u00e0 totale garantita da sistemi ERP.<br \/><br \/>Ogni soluzione nasce dall\u2019<strong>ascolto dei bisogni reali <\/strong>e dall&#8217;uso di strumenti di simulazione avanzati, frutto di una cultura tecnica radicata e di <strong>collaborazioni con atenei di eccellenza.<\/strong><\/p>\t\t\t\t\t\t\t\t<\/div>\n\t\t\t\t<\/div>\n\t\t<div class=\"elementor-element elementor-element-dfe0dc2 e-con-full e-flex e-con e-child\" data-id=\"dfe0dc2\" data-element_type=\"container\" data-e-type=\"container\" data-settings=\"{&quot;background_background&quot;:&quot;classic&quot;}\">\n\t\t\t\t<div class=\"elementor-element elementor-element-49140b5 elementor-widget__width-initial elementor-widget elementor-widget-heading\" data-id=\"49140b5\" data-element_type=\"widget\" data-e-type=\"widget\" data-widget_type=\"heading.default\">\n\t\t\t\t\t<h3 class=\"elementor-heading-title elementor-size-default\">Un\u2019offerta completa e configurabile<\/h3>\t\t\t\t<\/div>\n\t\t\t\t<div class=\"elementor-element elementor-element-6dd3bbf elementor-widget elementor-widget-text-editor\" data-id=\"6dd3bbf\" data-element_type=\"widget\" data-e-type=\"widget\" data-widget_type=\"text-editor.default\">\n\t\t\t\t\t\t\t\t\t<p>Una gamma versatile con <strong>oltre 10.000 configurazioni di prodotto<\/strong>, con potenze frigorifere <strong>da 3 a 2300 kW<\/strong>. Dalla climatizzazione residenziale agli impianti complessi, ogni sistema \u00e8 progettato per massimizzare <strong>efficienza e sostenibilit\u00e0<\/strong>.<br \/><br \/>L\u2019offerta di Aermec include refrigeratori, pompe di calore, ventilconvettori, unit\u00e0 trattamento aria, sistemi VRF e rooftop, integrabili in soluzioni complete per semplificare la gestione e ottimizzare le prestazioni energetiche.<\/p>\t\t\t\t\t\t\t\t<\/div>\n\t\t\t\t<\/div>\n\t\t<div class=\"elementor-element elementor-element-a0c7bcb e-con-full e-flex e-con e-child\" data-id=\"a0c7bcb\" data-element_type=\"container\" data-e-type=\"container\" data-settings=\"{&quot;background_background&quot;:&quot;classic&quot;}\">\n\t\t\t\t<div class=\"elementor-element elementor-element-b32664c elementor-widget__width-initial elementor-widget elementor-widget-heading\" data-id=\"b32664c\" data-element_type=\"widget\" data-e-type=\"widget\" data-widget_type=\"heading.default\">\n\t\t\t\t\t<h3 class=\"elementor-heading-title elementor-size-default\">Una rete solida e globale<\/h3>\t\t\t\t<\/div>\n\t\t\t\t<div class=\"elementor-element elementor-element-5bb6e8a elementor-widget elementor-widget-text-editor\" data-id=\"5bb6e8a\" data-element_type=\"widget\" data-e-type=\"widget\" data-widget_type=\"text-editor.default\">\n\t\t\t\t\t\t\t\t\t<p>Aermec presidia i mercati mondiali attraverso <strong>10 societ\u00e0 consociate estere<\/strong> e una rete di oltre <strong>70 distributori internazionali<\/strong> in esclusiva. In Italia, la rete commerciale conta una presenza capillare grazie a <strong>52 agenzie di vendita<\/strong> e <strong>81 centri di assistenza tecnica <\/strong>autorizzati.<br \/><br \/>Questa capillarit\u00e0 permette di offrire una <strong>consulenza tecnica qualificata<\/strong> e un <strong>supporto post-vendita<\/strong> rapido ed efficiente.<\/p>\t\t\t\t\t\t\t\t<\/div>\n\t\t\t\t<\/div>\n\t\t<div class=\"elementor-element elementor-element-6ae7fd8 e-con-full e-flex e-con e-child\" data-id=\"6ae7fd8\" data-element_type=\"container\" data-e-type=\"container\" data-settings=\"{&quot;background_background&quot;:&quot;classic&quot;}\">\n\t\t\t\t<div class=\"elementor-element elementor-element-305f47a elementor-widget__width-initial elementor-widget elementor-widget-heading\" data-id=\"305f47a\" data-element_type=\"widget\" data-e-type=\"widget\" data-widget_type=\"heading.default\">\n\t\t\t\t\t<h3 class=\"elementor-heading-title elementor-size-default\">I numeri della leadership<\/h3>\t\t\t\t<\/div>\n\t\t\t\t<div class=\"elementor-element elementor-element-da54e41 elementor-widget elementor-widget-text-editor\" data-id=\"da54e41\" data-element_type=\"widget\" data-e-type=\"widget\" data-widget_type=\"text-editor.default\">\n\t\t\t\t\t\t\t\t\t<p>Aermec si conferma tra i <strong>principali player mondiali<\/strong> nel settore HVAC, con quasi <strong>1.000 collaboratori<\/strong> e una superficie totale di circa <strong>220.000 m<sup>2<\/sup><\/strong>.<\/p>\t\t\t\t\t\t\t\t<\/div>\n\t\t\t\t<\/div>\n\t\t\t\t<\/div>\n\t\t\t\t\t<\/div>\n\t\t\t\t<\/div>\n\t\t<div class=\"elementor-element elementor-element-3939a98 e-con-full e-flex e-con e-parent\" data-id=\"3939a98\" data-element_type=\"container\" data-e-type=\"container\">\n\t\t\t\t<div class=\"elementor-element elementor-element-b17257e elementor-widget elementor-widget-video\" data-id=\"b17257e\" data-element_type=\"widget\" data-e-type=\"widget\" data-settings=\"{&quot;video_type&quot;:&quot;hosted&quot;,&quot;loop&quot;:&quot;yes&quot;,&quot;controls&quot;:&quot;yes&quot;}\" data-widget_type=\"video.default\">\n\t\t\t\t\t\t\t<div class=\"e-hosted-video elementor-wrapper elementor-open-inline\">\n\t\t\t\t\t<video class=\"elementor-video\" src=\"https:\/\/global.aermec.com\/wp-content\/uploads\/2026\/03\/AERMEC_CORPORATE-VIDEO_LONG_ITA_CLEAN_HQ.mp4\" loop=\"\" controls=\"\" preload=\"auto\" controlsList=\"nodownload\" poster=\"https:\/\/global.aermec.com\/wp-content\/uploads\/2026\/03\/aermec-video-anteprima-1-scaled.webp\"><\/video>\n\t\t\t\t<\/div>\n\t\t\t\t\t\t<\/div>\n\t\t\t\t<\/div>\n\t\t<div class=\"elementor-element elementor-element-9c58719 e-flex e-con-boxed e-con e-parent\" data-id=\"9c58719\" data-element_type=\"container\" data-e-type=\"container\">\n\t\t\t\t\t<div class=\"e-con-inner\">\n\t\t\t\t<div class=\"elementor-element elementor-element-29409e7 elementor-widget elementor-widget-heading\" data-id=\"29409e7\" data-element_type=\"widget\" data-e-type=\"widget\" data-widget_type=\"heading.default\">\n\t\t\t\t\t<h3 class=\"elementor-heading-title elementor-size-default\">Storia<\/h3>\t\t\t\t<\/div>\n\t\t\t\t<div class=\"elementor-element elementor-element-38f8c75 elementor-arrows-position-inside elementor-widget elementor-widget-n-carousel\" data-id=\"38f8c75\" data-element_type=\"widget\" data-e-type=\"widget\" data-settings=\"{&quot;carousel_items&quot;:[{&quot;slide_title&quot;:&quot;1961&quot;,&quot;_id&quot;:&quot;9466f04&quot;},{&quot;slide_title&quot;:&quot;1963&quot;,&quot;_id&quot;:&quot;ad92518&quot;},{&quot;slide_title&quot;:&quot;anni 70&quot;,&quot;_id&quot;:&quot;6965eed&quot;},{&quot;slide_title&quot;:&quot;anni 80&quot;,&quot;_id&quot;:&quot;b1e5460&quot;},{&quot;slide_title&quot;:&quot;anni 90&quot;,&quot;_id&quot;:&quot;7707c6c&quot;},{&quot;slide_title&quot;:&quot;1998&quot;,&quot;_id&quot;:&quot;d3debb4&quot;},{&quot;slide_title&quot;:&quot;1999&quot;,&quot;_id&quot;:&quot;cb61bd9&quot;},{&quot;slide_title&quot;:&quot;2002&quot;,&quot;_id&quot;:&quot;53aed67&quot;},{&quot;slide_title&quot;:&quot;2003&quot;,&quot;_id&quot;:&quot;33903d5&quot;},{&quot;slide_title&quot;:&quot;2004&quot;,&quot;_id&quot;:&quot;0e5a7e5&quot;},{&quot;slide_title&quot;:&quot;2006&quot;,&quot;_id&quot;:&quot;27384a0&quot;},{&quot;slide_title&quot;:&quot;2011&quot;,&quot;_id&quot;:&quot;1ce33db&quot;},{&quot;slide_title&quot;:&quot;2012&quot;,&quot;_id&quot;:&quot;6a59af0&quot;},{&quot;slide_title&quot;:&quot;2013&quot;,&quot;_id&quot;:&quot;295ae5d&quot;},{&quot;slide_title&quot;:&quot;2015&quot;,&quot;_id&quot;:&quot;656ba1a&quot;},{&quot;slide_title&quot;:&quot;2017&quot;,&quot;_id&quot;:&quot;e710eb0&quot;},{&quot;slide_title&quot;:&quot;2018&quot;,&quot;_id&quot;:&quot;79afd28&quot;},{&quot;slide_title&quot;:&quot;2021&quot;,&quot;_id&quot;:&quot;dfc3f5e&quot;},{&quot;slide_title&quot;:&quot;2022&quot;,&quot;_id&quot;:&quot;a5abdb6&quot;},{&quot;slide_title&quot;:&quot;2023&quot;,&quot;_id&quot;:&quot;2ffe138&quot;},{&quot;slide_title&quot;:&quot;2024&quot;,&quot;_id&quot;:&quot;320b5c7&quot;},{&quot;slide_title&quot;:&quot;2025&quot;,&quot;_id&quot;:&quot;33e3cd5&quot;}],&quot;slides_to_show&quot;:&quot;3&quot;,&quot;slides_to_scroll&quot;:&quot;1&quot;,&quot;image_spacing_custom&quot;:{&quot;unit&quot;:&quot;px&quot;,&quot;size&quot;:40,&quot;sizes&quot;:[]},&quot;image_spacing_custom_tablet&quot;:{&quot;unit&quot;:&quot;px&quot;,&quot;size&quot;:20,&quot;sizes&quot;:[]},&quot;slides_to_show_tablet&quot;:&quot;2&quot;,&quot;slides_to_show_mobile&quot;:&quot;1&quot;,&quot;speed&quot;:500,&quot;arrows&quot;:&quot;yes&quot;,&quot;image_spacing_custom_mobile&quot;:{&quot;unit&quot;:&quot;px&quot;,&quot;size&quot;:&quot;&quot;,&quot;sizes&quot;:[]}}\" data-widget_type=\"nested-carousel.default\">\n\t\t\t\t\t\t\t<div class=\"e-n-carousel swiper\" role=\"region\" aria-roledescription=\"carousel\" aria-label=\"Storia timeline\" dir=\"ltr\">\n\t\t\t<div class=\"swiper-wrapper\" aria-live=\"polite\">\n\t\t\t\t\t\t\t\t\t\t<div class=\"swiper-slide\" data-slide=\"1\" role=\"group\" aria-roledescription=\"slide\" aria-label=\"1 di 22\">\n\t\t\t\t\t\t\t<div class=\"elementor-element elementor-element-305ffc6 e-flex e-con-boxed e-con e-child\" data-id=\"305ffc6\" data-element_type=\"container\" data-e-type=\"container\" data-settings=\"{&quot;background_background&quot;:&quot;classic&quot;}\">\n\t\t\t\t\t<div class=\"e-con-inner\">\n\t\t\t\t<div class=\"elementor-element elementor-element-b465c45 elementor-widget elementor-widget-heading\" data-id=\"b465c45\" data-element_type=\"widget\" data-e-type=\"widget\" data-widget_type=\"heading.default\">\n\t\t\t\t\t<h4 class=\"elementor-heading-title elementor-size-default\">1961<\/h4>\t\t\t\t<\/div>\n\t\t\t\t<div class=\"elementor-element elementor-element-cca2fe0 elementor-widget elementor-widget-text-editor\" data-id=\"cca2fe0\" data-element_type=\"widget\" data-e-type=\"widget\" data-widget_type=\"text-editor.default\">\n\t\t\t\t\t\t\t\t\t<p><strong>Giordano Riello<\/strong> fonda la <strong>Riello <\/strong><strong>Condizionatori sas a Bevilacqua<\/strong>, oggi Aermec SpA, iniziando la produzione inizialmente per conto terzi.<\/p><p>La storia ha inizio.<\/p>\t\t\t\t\t\t\t\t<\/div>\n\t\t\t\t\t<\/div>\n\t\t\t\t<\/div>\n\t\t\t\t\t\t\t\t<\/div>\n\t\t\t\t\t\t\t\t\t\t\t<div class=\"swiper-slide\" data-slide=\"2\" role=\"group\" aria-roledescription=\"slide\" aria-label=\"2 di 22\">\n\t\t\t\t\t\t\t<div class=\"elementor-element elementor-element-ffbcddd e-flex e-con-boxed e-con e-child\" data-id=\"ffbcddd\" data-element_type=\"container\" data-e-type=\"container\" data-settings=\"{&quot;background_background&quot;:&quot;classic&quot;}\">\n\t\t\t\t\t<div class=\"e-con-inner\">\n\t\t\t\t<div class=\"elementor-element elementor-element-7e83c1c elementor-widget elementor-widget-heading\" data-id=\"7e83c1c\" data-element_type=\"widget\" data-e-type=\"widget\" data-widget_type=\"heading.default\">\n\t\t\t\t\t<h4 class=\"elementor-heading-title elementor-size-default\">1963<\/h4>\t\t\t\t<\/div>\n\t\t\t\t<div class=\"elementor-element elementor-element-d138876 elementor-widget elementor-widget-text-editor\" data-id=\"d138876\" data-element_type=\"widget\" data-e-type=\"widget\" data-widget_type=\"text-editor.default\">\n\t\t\t\t\t\t\t\t\t<p>Nasce ufficialmente il <strong>marchio Aermec<\/strong>, con la produzione di condizionatori da finestra destinati al mercato italiano ed europeo e viene costituita una nuova rete distributiva in Italia.<\/p>\t\t\t\t\t\t\t\t<\/div>\n\t\t\t\t\t<\/div>\n\t\t\t\t<\/div>\n\t\t\t\t\t\t\t\t<\/div>\n\t\t\t\t\t\t\t\t\t\t\t<div class=\"swiper-slide\" data-slide=\"3\" role=\"group\" aria-roledescription=\"slide\" aria-label=\"3 di 22\">\n\t\t\t\t\t\t\t<div class=\"elementor-element elementor-element-6a99a63 e-flex e-con-boxed e-con e-child\" data-id=\"6a99a63\" data-element_type=\"container\" data-e-type=\"container\" data-settings=\"{&quot;background_background&quot;:&quot;classic&quot;}\">\n\t\t\t\t\t<div class=\"e-con-inner\">\n\t\t\t\t<div class=\"elementor-element elementor-element-52b67f2 elementor-widget elementor-widget-heading\" data-id=\"52b67f2\" data-element_type=\"widget\" data-e-type=\"widget\" data-widget_type=\"heading.default\">\n\t\t\t\t\t<h4 class=\"elementor-heading-title elementor-size-default\">Anni '70<\/h4>\t\t\t\t<\/div>\n\t\t\t\t<div class=\"elementor-element elementor-element-43745c9 elementor-widget elementor-widget-text-editor\" data-id=\"43745c9\" data-element_type=\"widget\" data-e-type=\"widget\" data-widget_type=\"text-editor.default\">\n\t\t\t\t\t\t\t\t\t<p>Aermec avvia la <strong>produzione<\/strong> dei <strong>refrigeratori d\u2019acqua<\/strong> <strong>di piccola dimensione<\/strong> e dei <strong>ventilconvettori<\/strong>.<\/p>\t\t\t\t\t\t\t\t<\/div>\n\t\t\t\t\t<\/div>\n\t\t\t\t<\/div>\n\t\t\t\t\t\t\t\t<\/div>\n\t\t\t\t\t\t\t\t\t\t\t<div class=\"swiper-slide\" data-slide=\"4\" role=\"group\" aria-roledescription=\"slide\" aria-label=\"4 di 22\">\n\t\t\t\t\t\t\t<div class=\"elementor-element elementor-element-32436ce e-flex e-con-boxed e-con e-child\" data-id=\"32436ce\" data-element_type=\"container\" data-e-type=\"container\" data-settings=\"{&quot;background_background&quot;:&quot;classic&quot;}\">\n\t\t\t\t\t<div class=\"e-con-inner\">\n\t\t\t\t<div class=\"elementor-element elementor-element-986aac4 elementor-widget elementor-widget-heading\" data-id=\"986aac4\" data-element_type=\"widget\" data-e-type=\"widget\" data-widget_type=\"heading.default\">\n\t\t\t\t\t<h4 class=\"elementor-heading-title elementor-size-default\">Anni '80<\/h4>\t\t\t\t<\/div>\n\t\t\t\t<div class=\"elementor-element elementor-element-b83a1ad elementor-widget elementor-widget-text-editor\" data-id=\"b83a1ad\" data-element_type=\"widget\" data-e-type=\"widget\" data-widget_type=\"text-editor.default\">\n\t\t\t\t\t\t\t\t\t<p>Arrivano i refrigeratori di media potenza. Aermec amplia la propria offerta sviluppando la produzione di <strong>refrigeratori d&#8217;acqua fino a 150kW e di centrali per il trattamento dell&#8217;aria.<\/strong><\/p>\t\t\t\t\t\t\t\t<\/div>\n\t\t\t\t\t<\/div>\n\t\t\t\t<\/div>\n\t\t\t\t\t\t\t\t<\/div>\n\t\t\t\t\t\t\t\t\t\t\t<div class=\"swiper-slide\" data-slide=\"5\" role=\"group\" aria-roledescription=\"slide\" aria-label=\"5 di 22\">\n\t\t\t\t\t\t\t<div class=\"elementor-element elementor-element-e788d12 e-flex e-con-boxed e-con e-child\" data-id=\"e788d12\" data-element_type=\"container\" data-e-type=\"container\" data-settings=\"{&quot;background_background&quot;:&quot;classic&quot;}\">\n\t\t\t\t\t<div class=\"e-con-inner\">\n\t\t\t\t<div class=\"elementor-element elementor-element-8ae6952 elementor-widget elementor-widget-heading\" data-id=\"8ae6952\" data-element_type=\"widget\" data-e-type=\"widget\" data-widget_type=\"heading.default\">\n\t\t\t\t\t<h4 class=\"elementor-heading-title elementor-size-default\">Anni '90<\/h4>\t\t\t\t<\/div>\n\t\t\t\t<div class=\"elementor-element elementor-element-40bd689 elementor-widget elementor-widget-text-editor\" data-id=\"40bd689\" data-element_type=\"widget\" data-e-type=\"widget\" data-widget_type=\"text-editor.default\">\n\t\t\t\t\t\t\t\t\t<p>Viene ottenuta la certificazione di qualit\u00e0 aziendale <strong>ISO 9001.<\/strong><\/p><p>Inizia la <strong>produzione<\/strong> di <strong>refrigeratori di grandi dimensioni<\/strong> che arriveranno agli <strong>oltre 2,3 MW di potenza<\/strong>.<\/p>\t\t\t\t\t\t\t\t<\/div>\n\t\t\t\t\t<\/div>\n\t\t\t\t<\/div>\n\t\t\t\t\t\t\t\t<\/div>\n\t\t\t\t\t\t\t\t\t\t\t<div class=\"swiper-slide\" data-slide=\"6\" role=\"group\" aria-roledescription=\"slide\" aria-label=\"6 di 22\">\n\t\t\t\t\t\t\t<div class=\"elementor-element elementor-element-5eebfd2 e-flex e-con-boxed e-con e-child\" data-id=\"5eebfd2\" data-element_type=\"container\" data-e-type=\"container\" data-settings=\"{&quot;background_background&quot;:&quot;classic&quot;}\">\n\t\t\t\t\t<div class=\"e-con-inner\">\n\t\t\t\t<div class=\"elementor-element elementor-element-b94437d elementor-widget elementor-widget-heading\" data-id=\"b94437d\" data-element_type=\"widget\" data-e-type=\"widget\" data-widget_type=\"heading.default\">\n\t\t\t\t\t<h4 class=\"elementor-heading-title elementor-size-default\">1998<\/h4>\t\t\t\t<\/div>\n\t\t\t\t<div class=\"elementor-element elementor-element-8cd21a6 elementor-widget elementor-widget-text-editor\" data-id=\"8cd21a6\" data-element_type=\"widget\" data-e-type=\"widget\" data-widget_type=\"text-editor.default\">\n\t\t\t\t\t\t\t\t\t<p>Il marchio si fa azienda: dal 1\u00b0 gennaio la societ\u00e0 assume ufficialmente il nome di <strong>Aermec S.p.A.<\/strong><\/p>\t\t\t\t\t\t\t\t<\/div>\n\t\t\t\t\t<\/div>\n\t\t\t\t<\/div>\n\t\t\t\t\t\t\t\t<\/div>\n\t\t\t\t\t\t\t\t\t\t\t<div class=\"swiper-slide\" data-slide=\"7\" role=\"group\" aria-roledescription=\"slide\" aria-label=\"7 di 22\">\n\t\t\t\t\t\t\t<div class=\"elementor-element elementor-element-2c6d8dd e-flex e-con-boxed e-con e-child\" data-id=\"2c6d8dd\" data-element_type=\"container\" data-e-type=\"container\" data-settings=\"{&quot;background_background&quot;:&quot;classic&quot;}\">\n\t\t\t\t\t<div class=\"e-con-inner\">\n\t\t\t\t<div class=\"elementor-element elementor-element-ac59819 elementor-widget elementor-widget-heading\" data-id=\"ac59819\" data-element_type=\"widget\" data-e-type=\"widget\" data-widget_type=\"heading.default\">\n\t\t\t\t\t<h4 class=\"elementor-heading-title elementor-size-default\">1999<\/h4>\t\t\t\t<\/div>\n\t\t\t\t<div class=\"elementor-element elementor-element-f194d10 elementor-widget elementor-widget-text-editor\" data-id=\"f194d10\" data-element_type=\"widget\" data-e-type=\"widget\" data-widget_type=\"text-editor.default\">\n\t\t\t\t\t\t\t\t\t<p>In Francia nasce <strong>Aermec Sas<\/strong>.<\/p>\t\t\t\t\t\t\t\t<\/div>\n\t\t\t\t\t<\/div>\n\t\t\t\t<\/div>\n\t\t\t\t\t\t\t\t<\/div>\n\t\t\t\t\t\t\t\t\t\t\t<div class=\"swiper-slide\" data-slide=\"8\" role=\"group\" aria-roledescription=\"slide\" aria-label=\"8 di 22\">\n\t\t\t\t\t\t\t<div class=\"elementor-element elementor-element-03701ea e-flex e-con-boxed e-con e-child\" data-id=\"03701ea\" data-element_type=\"container\" data-e-type=\"container\" data-settings=\"{&quot;background_background&quot;:&quot;classic&quot;}\">\n\t\t\t\t\t<div class=\"e-con-inner\">\n\t\t\t\t<div class=\"elementor-element elementor-element-0794efc elementor-widget elementor-widget-heading\" data-id=\"0794efc\" data-element_type=\"widget\" data-e-type=\"widget\" data-widget_type=\"heading.default\">\n\t\t\t\t\t<h4 class=\"elementor-heading-title elementor-size-default\">2002<\/h4>\t\t\t\t<\/div>\n\t\t\t\t<div class=\"elementor-element elementor-element-c873177 elementor-widget elementor-widget-text-editor\" data-id=\"c873177\" data-element_type=\"widget\" data-e-type=\"widget\" data-widget_type=\"text-editor.default\">\n\t\t\t\t\t\t\t\t\t<p>Viene lanciata sul mercato la linea <strong>OMNIA<\/strong>, una nuova generazione di ventilconvettori per il settore residenziale, nati dalla collaborazione con il designer <strong>Giugiaro<\/strong><strong>.<\/strong><\/p>\t\t\t\t\t\t\t\t<\/div>\n\t\t\t\t\t<\/div>\n\t\t\t\t<\/div>\n\t\t\t\t\t\t\t\t<\/div>\n\t\t\t\t\t\t\t\t\t\t\t<div class=\"swiper-slide\" data-slide=\"9\" role=\"group\" aria-roledescription=\"slide\" aria-label=\"9 di 22\">\n\t\t\t\t\t\t\t<div class=\"elementor-element elementor-element-d3a89ab e-flex e-con-boxed e-con e-child\" data-id=\"d3a89ab\" data-element_type=\"container\" data-e-type=\"container\" data-settings=\"{&quot;background_background&quot;:&quot;classic&quot;}\">\n\t\t\t\t\t<div class=\"e-con-inner\">\n\t\t\t\t<div class=\"elementor-element elementor-element-e77c2a7 elementor-widget elementor-widget-heading\" data-id=\"e77c2a7\" data-element_type=\"widget\" data-e-type=\"widget\" data-widget_type=\"heading.default\">\n\t\t\t\t\t<h4 class=\"elementor-heading-title elementor-size-default\">2003<\/h4>\t\t\t\t<\/div>\n\t\t\t\t<div class=\"elementor-element elementor-element-6461e5a elementor-widget elementor-widget-text-editor\" data-id=\"6461e5a\" data-element_type=\"widget\" data-e-type=\"widget\" data-widget_type=\"text-editor.default\">\n\t\t\t\t\t\t\t\t\t<p>Aermec entra nel mercato <strong>Nord Americano<\/strong>.<\/p><p>Viene acquisita <strong>Aermec UK<\/strong>.<\/p>\t\t\t\t\t\t\t\t<\/div>\n\t\t\t\t\t<\/div>\n\t\t\t\t<\/div>\n\t\t\t\t\t\t\t\t<\/div>\n\t\t\t\t\t\t\t\t\t\t\t<div class=\"swiper-slide\" data-slide=\"10\" role=\"group\" aria-roledescription=\"slide\" aria-label=\"10 di 22\">\n\t\t\t\t\t\t\t<div class=\"elementor-element elementor-element-b102021 e-flex e-con-boxed e-con e-child\" data-id=\"b102021\" data-element_type=\"container\" data-e-type=\"container\" data-settings=\"{&quot;background_background&quot;:&quot;classic&quot;}\">\n\t\t\t\t\t<div class=\"e-con-inner\">\n\t\t\t\t<div class=\"elementor-element elementor-element-ea8b7b6 elementor-widget elementor-widget-heading\" data-id=\"ea8b7b6\" data-element_type=\"widget\" data-e-type=\"widget\" data-widget_type=\"heading.default\">\n\t\t\t\t\t<h4 class=\"elementor-heading-title elementor-size-default\">2004<\/h4>\t\t\t\t<\/div>\n\t\t\t\t<div class=\"elementor-element elementor-element-92d660b elementor-widget elementor-widget-text-editor\" data-id=\"92d660b\" data-element_type=\"widget\" data-e-type=\"widget\" data-widget_type=\"text-editor.default\">\n\t\t\t\t\t\t\t\t\t<p>Aermec rivoluziona la produzione dei ventilconvettori con una <strong>linea robotizzata<\/strong> di nuova concezione di logistica avanzata, per garantire <strong>produttivit\u00e0 elevata e alta qualit\u00e0<\/strong>.<\/p><p>Aermec cambia la propria filosofia produttiva con l\u2019<strong>introduzione della produzione snella<\/strong> (lean production).<\/p>\t\t\t\t\t\t\t\t<\/div>\n\t\t\t\t\t<\/div>\n\t\t\t\t<\/div>\n\t\t\t\t\t\t\t\t<\/div>\n\t\t\t\t\t\t\t\t\t\t\t<div class=\"swiper-slide\" data-slide=\"11\" role=\"group\" aria-roledescription=\"slide\" aria-label=\"11 di 22\">\n\t\t\t\t\t\t\t<div class=\"elementor-element elementor-element-72f156f e-flex e-con-boxed e-con e-child\" data-id=\"72f156f\" data-element_type=\"container\" data-e-type=\"container\" data-settings=\"{&quot;background_background&quot;:&quot;classic&quot;}\">\n\t\t\t\t\t<div class=\"e-con-inner\">\n\t\t\t\t<div class=\"elementor-element elementor-element-afa5be8 elementor-widget elementor-widget-heading\" data-id=\"afa5be8\" data-element_type=\"widget\" data-e-type=\"widget\" data-widget_type=\"heading.default\">\n\t\t\t\t\t<h4 class=\"elementor-heading-title elementor-size-default\">2006<\/h4>\t\t\t\t<\/div>\n\t\t\t\t<div class=\"elementor-element elementor-element-539e1a1 elementor-widget elementor-widget-text-editor\" data-id=\"539e1a1\" data-element_type=\"widget\" data-e-type=\"widget\" data-widget_type=\"text-editor.default\">\n\t\t\t\t\t\t\t\t\t<p>Aermec introduce la <strong>progettazione integrata<\/strong>, passando da prodotti standard a soluzioni customizzate per <strong>soddisfare richieste particolari dei clienti.<\/strong><\/p>\t\t\t\t\t\t\t\t<\/div>\n\t\t\t\t\t<\/div>\n\t\t\t\t<\/div>\n\t\t\t\t\t\t\t\t<\/div>\n\t\t\t\t\t\t\t\t\t\t\t<div class=\"swiper-slide\" data-slide=\"12\" role=\"group\" aria-roledescription=\"slide\" aria-label=\"12 di 22\">\n\t\t\t\t\t\t\t<div class=\"elementor-element elementor-element-e2a3db8 e-flex e-con-boxed e-con e-child\" data-id=\"e2a3db8\" data-element_type=\"container\" data-e-type=\"container\" data-settings=\"{&quot;background_background&quot;:&quot;classic&quot;}\">\n\t\t\t\t\t<div class=\"e-con-inner\">\n\t\t\t\t<div class=\"elementor-element elementor-element-c0dd36c elementor-widget elementor-widget-heading\" data-id=\"c0dd36c\" data-element_type=\"widget\" data-e-type=\"widget\" data-widget_type=\"heading.default\">\n\t\t\t\t\t<h4 class=\"elementor-heading-title elementor-size-default\">2011<\/h4>\t\t\t\t<\/div>\n\t\t\t\t<div class=\"elementor-element elementor-element-e6e529f elementor-widget elementor-widget-text-editor\" data-id=\"e6e529f\" data-element_type=\"widget\" data-e-type=\"widget\" data-widget_type=\"text-editor.default\">\n\t\t\t\t\t\t\t\t\t<p>Aermec festeggia i <strong>50 anni di attivit\u00e0<\/strong>. L\u2019azienda si \u00e8 sviluppata sempre attenta a interpretare e anticipare le esigenze del mercato.<\/p>\t\t\t\t\t\t\t\t<\/div>\n\t\t\t\t\t<\/div>\n\t\t\t\t<\/div>\n\t\t\t\t\t\t\t\t<\/div>\n\t\t\t\t\t\t\t\t\t\t\t<div class=\"swiper-slide\" data-slide=\"13\" role=\"group\" aria-roledescription=\"slide\" aria-label=\"13 di 22\">\n\t\t\t\t\t\t\t<div class=\"elementor-element elementor-element-a33cd8b e-flex e-con-boxed e-con e-child\" data-id=\"a33cd8b\" data-element_type=\"container\" data-e-type=\"container\" data-settings=\"{&quot;background_background&quot;:&quot;classic&quot;}\">\n\t\t\t\t\t<div class=\"e-con-inner\">\n\t\t\t\t<div class=\"elementor-element elementor-element-5971056 elementor-widget elementor-widget-heading\" data-id=\"5971056\" data-element_type=\"widget\" data-e-type=\"widget\" data-widget_type=\"heading.default\">\n\t\t\t\t\t<h4 class=\"elementor-heading-title elementor-size-default\">2012<\/h4>\t\t\t\t<\/div>\n\t\t\t\t<div class=\"elementor-element elementor-element-db89265 elementor-widget elementor-widget-text-editor\" data-id=\"db89265\" data-element_type=\"widget\" data-e-type=\"widget\" data-widget_type=\"text-editor.default\">\n\t\t\t\t\t\t\t\t\t<p>In Polonia nasce <strong>Aermec Polska<\/strong>.<\/p>\t\t\t\t\t\t\t\t<\/div>\n\t\t\t\t\t<\/div>\n\t\t\t\t<\/div>\n\t\t\t\t\t\t\t\t<\/div>\n\t\t\t\t\t\t\t\t\t\t\t<div class=\"swiper-slide\" data-slide=\"14\" role=\"group\" aria-roledescription=\"slide\" aria-label=\"14 di 22\">\n\t\t\t\t\t\t\t<div class=\"elementor-element elementor-element-1313792 e-flex e-con-boxed e-con e-child\" data-id=\"1313792\" data-element_type=\"container\" data-e-type=\"container\" data-settings=\"{&quot;background_background&quot;:&quot;classic&quot;}\">\n\t\t\t\t\t<div class=\"e-con-inner\">\n\t\t\t\t<div class=\"elementor-element elementor-element-a4ecaf8 elementor-widget elementor-widget-heading\" data-id=\"a4ecaf8\" data-element_type=\"widget\" data-e-type=\"widget\" data-widget_type=\"heading.default\">\n\t\t\t\t\t<h4 class=\"elementor-heading-title elementor-size-default\">2013<\/h4>\t\t\t\t<\/div>\n\t\t\t\t<div class=\"elementor-element elementor-element-a53b5fb elementor-widget elementor-widget-text-editor\" data-id=\"a53b5fb\" data-element_type=\"widget\" data-e-type=\"widget\" data-widget_type=\"text-editor.default\">\n\t\t\t\t\t\t\t\t\t<p>L\u2019impegno per l\u2019ambiente viene sancito dal conseguimento della certificazione <strong>ISO14001.<\/strong><\/p>\t\t\t\t\t\t\t\t<\/div>\n\t\t\t\t\t<\/div>\n\t\t\t\t<\/div>\n\t\t\t\t\t\t\t\t<\/div>\n\t\t\t\t\t\t\t\t\t\t\t<div class=\"swiper-slide\" data-slide=\"15\" role=\"group\" aria-roledescription=\"slide\" aria-label=\"15 di 22\">\n\t\t\t\t\t\t\t<div class=\"elementor-element elementor-element-f2795ff e-flex e-con-boxed e-con e-child\" data-id=\"f2795ff\" data-element_type=\"container\" data-e-type=\"container\" data-settings=\"{&quot;background_background&quot;:&quot;classic&quot;}\">\n\t\t\t\t\t<div class=\"e-con-inner\">\n\t\t\t\t<div class=\"elementor-element elementor-element-52e1e0a elementor-widget elementor-widget-heading\" data-id=\"52e1e0a\" data-element_type=\"widget\" data-e-type=\"widget\" data-widget_type=\"heading.default\">\n\t\t\t\t\t<h4 class=\"elementor-heading-title elementor-size-default\">2015<\/h4>\t\t\t\t<\/div>\n\t\t\t\t<div class=\"elementor-element elementor-element-68d603e elementor-widget elementor-widget-text-editor\" data-id=\"68d603e\" data-element_type=\"widget\" data-e-type=\"widget\" data-widget_type=\"text-editor.default\">\n\t\t\t\t\t\t\t\t\t<p>Viene inaugurata l\u2019attuale <strong>camera di collaudo<\/strong>, una delle pi\u00f9 grandi in Europa, che ospita <strong>unit\u00e0 fino a 2MW di potenza<\/strong>, accreditata anche per eseguire prove su macchine selezionate da Eurovent per la certificazione fino a 1500kW di potenza.<\/p>\t\t\t\t\t\t\t\t<\/div>\n\t\t\t\t\t<\/div>\n\t\t\t\t<\/div>\n\t\t\t\t\t\t\t\t<\/div>\n\t\t\t\t\t\t\t\t\t\t\t<div class=\"swiper-slide\" data-slide=\"16\" role=\"group\" aria-roledescription=\"slide\" aria-label=\"16 di 22\">\n\t\t\t\t\t\t\t<div class=\"elementor-element elementor-element-5f4e07a e-flex e-con-boxed e-con e-child\" data-id=\"5f4e07a\" data-element_type=\"container\" data-e-type=\"container\" data-settings=\"{&quot;background_background&quot;:&quot;classic&quot;}\">\n\t\t\t\t\t<div class=\"e-con-inner\">\n\t\t\t\t<div class=\"elementor-element elementor-element-be79888 elementor-widget elementor-widget-heading\" data-id=\"be79888\" data-element_type=\"widget\" data-e-type=\"widget\" data-widget_type=\"heading.default\">\n\t\t\t\t\t<h4 class=\"elementor-heading-title elementor-size-default\">2017<\/h4>\t\t\t\t<\/div>\n\t\t\t\t<div class=\"elementor-element elementor-element-4fc1de2 elementor-widget elementor-widget-text-editor\" data-id=\"4fc1de2\" data-element_type=\"widget\" data-e-type=\"widget\" data-widget_type=\"text-editor.default\">\n\t\t\t\t\t\t\t\t\t<p>Viene acquisita <strong>Aermec Deutschland<\/strong>.<\/p>\t\t\t\t\t\t\t\t<\/div>\n\t\t\t\t\t<\/div>\n\t\t\t\t<\/div>\n\t\t\t\t\t\t\t\t<\/div>\n\t\t\t\t\t\t\t\t\t\t\t<div class=\"swiper-slide\" data-slide=\"17\" role=\"group\" aria-roledescription=\"slide\" aria-label=\"17 di 22\">\n\t\t\t\t\t\t\t<div class=\"elementor-element elementor-element-bfe5993 e-flex e-con-boxed e-con e-child\" data-id=\"bfe5993\" data-element_type=\"container\" data-e-type=\"container\" data-settings=\"{&quot;background_background&quot;:&quot;classic&quot;}\">\n\t\t\t\t\t<div class=\"e-con-inner\">\n\t\t\t\t<div class=\"elementor-element elementor-element-c6fd01b elementor-widget elementor-widget-heading\" data-id=\"c6fd01b\" data-element_type=\"widget\" data-e-type=\"widget\" data-widget_type=\"heading.default\">\n\t\t\t\t\t<h4 class=\"elementor-heading-title elementor-size-default\">2018<\/h4>\t\t\t\t<\/div>\n\t\t\t\t<div class=\"elementor-element elementor-element-a3da55a elementor-widget elementor-widget-text-editor\" data-id=\"a3da55a\" data-element_type=\"widget\" data-e-type=\"widget\" data-widget_type=\"text-editor.default\">\n\t\t\t\t\t\t\t\t\t<p>Nasce Aermec <strong>South America<\/strong> con sede in Cile.<\/p>\t\t\t\t\t\t\t\t<\/div>\n\t\t\t\t\t<\/div>\n\t\t\t\t<\/div>\n\t\t\t\t\t\t\t\t<\/div>\n\t\t\t\t\t\t\t\t\t\t\t<div class=\"swiper-slide\" data-slide=\"18\" role=\"group\" aria-roledescription=\"slide\" aria-label=\"18 di 22\">\n\t\t\t\t\t\t\t<div class=\"elementor-element elementor-element-e8d5e52 e-flex e-con-boxed e-con e-child\" data-id=\"e8d5e52\" data-element_type=\"container\" data-e-type=\"container\" data-settings=\"{&quot;background_background&quot;:&quot;classic&quot;}\">\n\t\t\t\t\t<div class=\"e-con-inner\">\n\t\t\t\t<div class=\"elementor-element elementor-element-8394d00 elementor-widget elementor-widget-heading\" data-id=\"8394d00\" data-element_type=\"widget\" data-e-type=\"widget\" data-widget_type=\"heading.default\">\n\t\t\t\t\t<h4 class=\"elementor-heading-title elementor-size-default\">2021<\/h4>\t\t\t\t<\/div>\n\t\t\t\t<div class=\"elementor-element elementor-element-f380faa elementor-widget elementor-widget-text-editor\" data-id=\"f380faa\" data-element_type=\"widget\" data-e-type=\"widget\" data-widget_type=\"text-editor.default\">\n\t\t\t\t\t\t\t\t\t<p>Aermec compie <strong>60 anni.<\/strong> Quest\u2019anno, caratterizzato purtroppo dalla pandemia dovuta al Covid 19, coincide con il 60\u00b0 anniversario della nascita di Aermec.<\/p><p>L\u2019Azienda apre un <strong>Hub vaccinale<\/strong> a disposizione non solo dei propri collaboratori ma di tutta la popolazione del territorio.<\/p>\t\t\t\t\t\t\t\t<\/div>\n\t\t\t\t\t<\/div>\n\t\t\t\t<\/div>\n\t\t\t\t\t\t\t\t<\/div>\n\t\t\t\t\t\t\t\t\t\t\t<div class=\"swiper-slide\" data-slide=\"19\" role=\"group\" aria-roledescription=\"slide\" aria-label=\"19 di 22\">\n\t\t\t\t\t\t\t<div class=\"elementor-element elementor-element-3a26c67 e-flex e-con-boxed e-con e-child\" data-id=\"3a26c67\" data-element_type=\"container\" data-e-type=\"container\" data-settings=\"{&quot;background_background&quot;:&quot;classic&quot;}\">\n\t\t\t\t\t<div class=\"e-con-inner\">\n\t\t\t\t<div class=\"elementor-element elementor-element-e9c7809 elementor-widget elementor-widget-heading\" data-id=\"e9c7809\" data-element_type=\"widget\" data-e-type=\"widget\" data-widget_type=\"heading.default\">\n\t\t\t\t\t<h4 class=\"elementor-heading-title elementor-size-default\">2022<\/h4>\t\t\t\t<\/div>\n\t\t\t\t<div class=\"elementor-element elementor-element-785fdb9 elementor-widget elementor-widget-text-editor\" data-id=\"785fdb9\" data-element_type=\"widget\" data-e-type=\"widget\" data-widget_type=\"text-editor.default\">\n\t\t\t\t\t\t\t\t\t<p>Nasce Aermec <strong>Middle East<\/strong> con sede a Dubai.<\/p>\t\t\t\t\t\t\t\t<\/div>\n\t\t\t\t\t<\/div>\n\t\t\t\t<\/div>\n\t\t\t\t\t\t\t\t<\/div>\n\t\t\t\t\t\t\t\t\t\t\t<div class=\"swiper-slide\" data-slide=\"20\" role=\"group\" aria-roledescription=\"slide\" aria-label=\"20 di 22\">\n\t\t\t\t\t\t\t<div class=\"elementor-element elementor-element-a2bd5c7 e-flex e-con-boxed e-con e-child\" data-id=\"a2bd5c7\" data-element_type=\"container\" data-e-type=\"container\" data-settings=\"{&quot;background_background&quot;:&quot;classic&quot;}\">\n\t\t\t\t\t<div class=\"e-con-inner\">\n\t\t\t\t<div class=\"elementor-element elementor-element-90bfebf elementor-widget elementor-widget-heading\" data-id=\"90bfebf\" data-element_type=\"widget\" data-e-type=\"widget\" data-widget_type=\"heading.default\">\n\t\t\t\t\t<h4 class=\"elementor-heading-title elementor-size-default\">2023<\/h4>\t\t\t\t<\/div>\n\t\t\t\t<div class=\"elementor-element elementor-element-26b9479 elementor-widget elementor-widget-text-editor\" data-id=\"26b9479\" data-element_type=\"widget\" data-e-type=\"widget\" data-widget_type=\"text-editor.default\">\n\t\t\t\t\t\t\t\t\t<p>Il 14 maggio ci lascia il <strong>Fondatore Giordano Riello<\/strong>.<\/p>\t\t\t\t\t\t\t\t<\/div>\n\t\t\t\t\t<\/div>\n\t\t\t\t<\/div>\n\t\t\t\t\t\t\t\t<\/div>\n\t\t\t\t\t\t\t\t\t\t\t<div class=\"swiper-slide\" data-slide=\"21\" role=\"group\" aria-roledescription=\"slide\" aria-label=\"21 di 22\">\n\t\t\t\t\t\t\t<div class=\"elementor-element elementor-element-bd37d69 e-flex e-con-boxed e-con e-child\" data-id=\"bd37d69\" data-element_type=\"container\" data-e-type=\"container\" data-settings=\"{&quot;background_background&quot;:&quot;classic&quot;}\">\n\t\t\t\t\t<div class=\"e-con-inner\">\n\t\t\t\t<div class=\"elementor-element elementor-element-7687e50 elementor-widget elementor-widget-heading\" data-id=\"7687e50\" data-element_type=\"widget\" data-e-type=\"widget\" data-widget_type=\"heading.default\">\n\t\t\t\t\t<h4 class=\"elementor-heading-title elementor-size-default\">2024<\/h4>\t\t\t\t<\/div>\n\t\t\t\t<div class=\"elementor-element elementor-element-54d1eea elementor-widget elementor-widget-text-editor\" data-id=\"54d1eea\" data-element_type=\"widget\" data-e-type=\"widget\" data-widget_type=\"text-editor.default\">\n\t\t\t\t\t\t\t\t\t<p>Il Gruppo pubblica il suo primo <strong>Report di Sostenibilit\u00e0<\/strong>.<\/p><p>Nasce la holding <strong>Aermec North America<\/strong> che controlla <strong>Aermec USA<\/strong> e <strong>Aermec Canada<\/strong> per la distribuzione dei prodotti nel continente Nord Americano.<\/p>\t\t\t\t\t\t\t\t<\/div>\n\t\t\t\t\t<\/div>\n\t\t\t\t<\/div>\n\t\t\t\t\t\t\t\t<\/div>\n\t\t\t\t\t\t\t\t\t\t\t<div class=\"swiper-slide\" data-slide=\"22\" role=\"group\" aria-roledescription=\"slide\" aria-label=\"22 di 22\">\n\t\t\t\t\t\t\t<div class=\"elementor-element elementor-element-7947c30 e-flex e-con-boxed e-con e-child\" data-id=\"7947c30\" data-element_type=\"container\" data-e-type=\"container\" data-settings=\"{&quot;background_background&quot;:&quot;classic&quot;}\">\n\t\t\t\t\t<div class=\"e-con-inner\">\n\t\t\t\t<div class=\"elementor-element elementor-element-0140676 elementor-widget elementor-widget-heading\" data-id=\"0140676\" data-element_type=\"widget\" data-e-type=\"widget\" data-widget_type=\"heading.default\">\n\t\t\t\t\t<h4 class=\"elementor-heading-title elementor-size-default\">2025<\/h4>\t\t\t\t<\/div>\n\t\t\t\t<div class=\"elementor-element elementor-element-adb7998 elementor-widget elementor-widget-text-editor\" data-id=\"adb7998\" data-element_type=\"widget\" data-e-type=\"widget\" data-widget_type=\"text-editor.default\">\n\t\t\t\t\t\t\t\t\t<p>Viene acquisito il <strong>Gruppo Spagnolo Airlan<\/strong> che comprende Airlan, Airlan Industrial e Airlan Per\u00f9.<\/p>\t\t\t\t\t\t\t\t<\/div>\n\t\t\t\t\t<\/div>\n\t\t\t\t<\/div>\n\t\t\t\t\t\t\t\t<\/div>\n\t\t\t\t\t\t\t\t<\/div>\n\t\t<\/div>\n\t\t\t\t\t<div class=\"elementor-swiper-button elementor-swiper-button-prev\" role=\"button\" tabindex=\"0\" aria-label=\"Precedente\">\n\t\t\t\t<svg xmlns=\"http:\/\/www.w3.org\/2000\/svg\" id=\"Livello_1\" viewBox=\"0 0 31 9\"><polygon class=\"st0\" points=\"0 4.5 6.75 8.4 6.75 5 31 5 31 4 6.75 4 6.75 .6 0 4.5\"><\/polygon><\/svg>\t\t\t<\/div>\n\t\t\t<div class=\"elementor-swiper-button elementor-swiper-button-next\" role=\"button\" tabindex=\"0\" aria-label=\"Successivo\">\n\t\t\t\t<svg xmlns=\"http:\/\/www.w3.org\/2000\/svg\" id=\"Livello_1\" viewBox=\"0 0 31 9\"><polygon class=\"st0\" points=\"31 4.5 24.25 .6 24.25 4 0 4 0 5 24.25 5 24.25 8.4 31 4.5\"><\/polygon><\/svg>\t\t\t<\/div>\n\t\t\t\t\t\t<\/div>\n\t\t\t\t\t<\/div>\n\t\t\t\t<\/div>\n\t\t<div class=\"elementor-element elementor-element-d8839c1 e-flex e-con-boxed e-con e-parent\" data-id=\"d8839c1\" data-element_type=\"container\" data-e-type=\"container\">\n\t\t\t\t\t<div class=\"e-con-inner\">\n\t\t\t\t<div class=\"elementor-element elementor-element-3fece25 elementor-widget elementor-widget-heading\" data-id=\"3fece25\" data-element_type=\"widget\" data-e-type=\"widget\" data-widget_type=\"heading.default\">\n\t\t\t\t\t<h3 class=\"elementor-heading-title elementor-size-default\">Valori ed etica<\/h3>\t\t\t\t<\/div>\n\t\t\t\t<div class=\"elementor-element elementor-element-308ec3d elementor-widget__width-initial elementor-widget elementor-widget-heading\" data-id=\"308ec3d\" data-element_type=\"widget\" data-e-type=\"widget\" data-widget_type=\"heading.default\">\n\t\t\t\t\t<h3 class=\"elementor-heading-title elementor-size-default\">Il valore delle persone<br> \ne il benessere collettivo.<\/h3>\t\t\t\t<\/div>\n\t\t<div class=\"elementor-element elementor-element-c064b6c e-grid e-con-full e-con e-child\" data-id=\"c064b6c\" data-element_type=\"container\" data-e-type=\"container\">\n\t\t<div class=\"elementor-element elementor-element-517ffc7 e-con-full e-flex e-con e-child\" data-id=\"517ffc7\" data-element_type=\"container\" data-e-type=\"container\">\n\t\t<div class=\"elementor-element elementor-element-e316e2a e-con-full e-flex e-con e-child\" data-id=\"e316e2a\" data-element_type=\"container\" data-e-type=\"container\" data-settings=\"{&quot;background_background&quot;:&quot;classic&quot;}\">\n\t\t\t\t<\/div>\n\t\t<div class=\"elementor-element elementor-element-e699f3b e-grid e-con-full e-con e-child\" data-id=\"e699f3b\" data-element_type=\"container\" data-e-type=\"container\">\n\t\t<div class=\"elementor-element elementor-element-5202bdf e-con-full e-flex e-con e-child\" data-id=\"5202bdf\" data-element_type=\"container\" data-e-type=\"container\">\n\t\t\t\t<div class=\"elementor-element elementor-element-183c731 elementor-widget__width-initial elementor-widget elementor-widget-heading\" data-id=\"183c731\" data-element_type=\"widget\" data-e-type=\"widget\" data-widget_type=\"heading.default\">\n\t\t\t\t\t<h4 class=\"elementor-heading-title elementor-size-default\">L'individuo al centro del benessere <\/h4>\t\t\t\t<\/div>\n\t\t\t\t<div class=\"elementor-element elementor-element-bbbb391 elementor-widget elementor-widget-text-editor\" data-id=\"bbbb391\" data-element_type=\"widget\" data-e-type=\"widget\" data-widget_type=\"text-editor.default\">\n\t\t\t\t\t\t\t\t\t<p>Aermec mette al centro la persona, impegnandosi a migliorare la qualit\u00e0 della vita attraverso tecnologie che promuovono la salute e il comfort negli ambienti. Un\u2019etica del lavoro che tuteli i diritti dei lavoratori e favorisca lo spirito di squadra sono pilastri fondamentali dell\u2019identit\u00e0 aziendale.<\/p>\t\t\t\t\t\t\t\t<\/div>\n\t\t\t\t<\/div>\n\t\t<div class=\"elementor-element elementor-element-fe10837 e-con-full e-flex e-con e-child\" data-id=\"fe10837\" data-element_type=\"container\" data-e-type=\"container\">\n\t\t\t\t<div class=\"elementor-element elementor-element-ab83dbb elementor-widget__width-initial elementor-widget elementor-widget-heading\" data-id=\"ab83dbb\" data-element_type=\"widget\" data-e-type=\"widget\" data-widget_type=\"heading.default\">\n\t\t\t\t\t<h4 class=\"elementor-heading-title elementor-size-default\">Sostenibilit\u00e0 guidata dai fatti<\/h4>\t\t\t\t<\/div>\n\t\t\t\t<div class=\"elementor-element elementor-element-ca33f34 elementor-widget elementor-widget-text-editor\" data-id=\"ca33f34\" data-element_type=\"widget\" data-e-type=\"widget\" data-widget_type=\"text-editor.default\">\n\t\t\t\t\t\t\t\t\t<p>La visione del fondatore Giordano Riello: preferire i fatti alle parole per garantire un benessere che salvaguardi concretamente il pianeta. Ogni progetto punta al risparmio energetico e all\u2019uso di refrigeranti a basso GWP, integrando l&#8217;analisi del ciclo di vita (LCA) per ridurre l&#8217;impatto ambientale.<\/p>\t\t\t\t\t\t\t\t<\/div>\n\t\t\t\t<\/div>\n\t\t\t\t<\/div>\n\t\t\t\t<\/div>\n\t\t<div class=\"elementor-element elementor-element-1c28cc4 e-con-full e-flex e-con e-child\" data-id=\"1c28cc4\" data-element_type=\"container\" data-e-type=\"container\">\n\t\t<div class=\"elementor-element elementor-element-78e7f12 e-con-full e-flex e-con e-child\" data-id=\"78e7f12\" data-element_type=\"container\" data-e-type=\"container\" data-settings=\"{&quot;background_background&quot;:&quot;classic&quot;}\">\n\t\t\t\t<div class=\"elementor-element elementor-element-f901aec elementor-view-default elementor-widget elementor-widget-icon\" data-id=\"f901aec\" data-element_type=\"widget\" data-e-type=\"widget\" data-widget_type=\"icon.default\">\n\t\t\t\t\t\t\t<div class=\"elementor-icon-wrapper\">\n\t\t\t<div class=\"elementor-icon\">\n\t\t\t<svg xmlns=\"http:\/\/www.w3.org\/2000\/svg\" width=\"149\" height=\"40\" viewBox=\"0 0 149 40\"><path d=\"M20.0321 19.1524H13.9276L20.0321 6.85939V19.1524ZM0 32.1302H7.48608L10.9287 25.2035H20.0378V32.1302H27.6418L27.6755 0.65675H15.6405L0 32.1302ZM108.338 32.1302H125.275V25.2035H116.172V19.1524H124.596V12.8431H116.172V7.5835H125.275V0.65675H108.338V32.1302ZM143.578 24.9846C138.86 24.9846 135.036 21.0665 135.036 16.3514C135.036 11.6363 138.86 7.81364 143.578 7.81364C145.588 7.81364 147.352 8.76789 148.75 10.2105C148.75 10.2105 148.739 0.780241 148.75 0.774628C147.076 0.275049 145.369 0 143.566 0C139.152 0 134.699 1.91412 131.616 5.07438C128.622 8.15043 126.994 11.9562 126.994 16.2391C126.994 20.522 128.617 24.6422 131.616 27.7182C134.699 30.8785 139.152 32.7926 143.566 32.7926C145.369 32.7926 147.076 32.5175 148.75 32.0236C148.744 32.0123 148.75 22.5877 148.75 22.5877C147.352 24.0303 145.583 24.9846 143.578 24.9846ZM59.2653 13.1855H57.9174V7.23548H59.2653C61.9385 7.23548 63.9377 7.5835 63.9377 10.3059C63.9377 12.8431 61.9385 13.1855 59.2653 13.1855ZM65.6338 19.1356C70.1041 18.3441 72.21 14.6843 72.21 10.3396C72.21 3.62054 67.8408 0.65675 61.6183 0.65675H50.3078V32.1302H57.9118V19.1524H57.923L70.8566 40H78.9324L65.9089 19.0794L65.6281 19.1356H65.6338ZM90.2766 14.8414L84.2282 0.65675H75.0686V32.1302H82.6726V15.167L90.2766 32.7421L97.8806 15.1726V32.1302H105.485V0.65675H96.325L90.2766 14.8414ZM30.5171 32.1302H47.4549V25.2035H38.3514V19.1524H46.7754V12.8431H38.3514V7.5835H47.4549V0.65675H30.5171V32.1302Z\"><\/path><\/svg>\t\t\t<\/div>\n\t\t<\/div>\n\t\t\t\t\t\t<\/div>\n\t\t\t\t<div class=\"elementor-element elementor-element-b67ad57 elementor-widget__width-initial elementor-widget elementor-widget-heading\" data-id=\"b67ad57\" data-element_type=\"widget\" data-e-type=\"widget\" data-widget_type=\"heading.default\">\n\t\t\t\t\t<h4 class=\"elementor-heading-title elementor-size-default\">Benessere umano, <br>\nresponsabilit\u00e0 condivisa.<\/h4>\t\t\t\t<\/div>\n\t\t\t\t<\/div>\n\t\t<div class=\"elementor-element elementor-element-5257287 e-con-full e-flex e-con e-child\" data-id=\"5257287\" data-element_type=\"container\" data-e-type=\"container\">\n\t\t\t\t<div class=\"elementor-element elementor-element-e2c640e elementor-widget__width-initial elementor-widget elementor-widget-heading\" data-id=\"e2c640e\" data-element_type=\"widget\" data-e-type=\"widget\" data-widget_type=\"heading.default\">\n\t\t\t\t\t<h4 class=\"elementor-heading-title elementor-size-default\">Responsabilit\u00e0 territoriale e visione globale <\/h4>\t\t\t\t<\/div>\n\t\t\t\t<div class=\"elementor-element elementor-element-cd90018 elementor-widget elementor-widget-text-editor\" data-id=\"cd90018\" data-element_type=\"widget\" data-e-type=\"widget\" data-widget_type=\"text-editor.default\">\n\t\t\t\t\t\t\t\t\t<p>Aermec \u00e8 profondamente legata al territorio, che ha sostenuto la sua crescita e al quale restituisce valore attraverso lo sviluppo sociale ed economico.<br \/>Contemporaneamente rispetta le diverse culture e le abitudini delle popolazioni nei mercati mondiali cui opera.<\/p>\t\t\t\t\t\t\t\t<\/div>\n\t\t\t\t<\/div>\n\t\t\t\t<\/div>\n\t\t\t\t<\/div>\n\t\t\t\t\t<\/div>\n\t\t\t\t<\/div>\n\t\t<div class=\"elementor-element elementor-element-73f2cc9 e-flex e-con-boxed e-con e-parent\" data-id=\"73f2cc9\" data-element_type=\"container\" data-e-type=\"container\" data-settings=\"{&quot;background_background&quot;:&quot;classic&quot;}\">\n\t\t\t\t\t<div class=\"e-con-inner\">\n\t\t<div class=\"elementor-element elementor-element-9cfb6d7 e-con-full e-flex e-con e-child\" data-id=\"9cfb6d7\" data-element_type=\"container\" data-e-type=\"container\">\n\t\t\t\t<div class=\"elementor-element elementor-element-424d453 elementor-widget elementor-widget-image\" data-id=\"424d453\" data-element_type=\"widget\" data-e-type=\"widget\" data-widget_type=\"image.default\">\n\t\t\t\t\t\t\t\t\t\t\t\t\t\t\t<img fetchpriority=\"high\" decoding=\"async\" width=\"1500\" height=\"788\" src=\"https:\/\/global.aermec.com\/wp-content\/uploads\/2026\/01\/logo-giordani-riello-international-group.webp\" class=\"attachment-full size-full wp-image-574\" alt=\"\" srcset=\"https:\/\/global.aermec.com\/wp-content\/uploads\/2026\/01\/logo-giordani-riello-international-group.webp 1500w, https:\/\/global.aermec.com\/wp-content\/uploads\/2026\/01\/logo-giordani-riello-international-group-300x158.webp 300w, https:\/\/global.aermec.com\/wp-content\/uploads\/2026\/01\/logo-giordani-riello-international-group-1024x538.webp 1024w, https:\/\/global.aermec.com\/wp-content\/uploads\/2026\/01\/logo-giordani-riello-international-group-768x403.webp 768w\" sizes=\"(max-width: 1500px) 100vw, 1500px\" \/>\t\t\t\t\t\t\t\t\t\t\t\t\t\t\t<\/div>\n\t\t<div class=\"elementor-element elementor-element-93a9e86 e-con-full e-flex e-con e-child\" data-id=\"93a9e86\" data-element_type=\"container\" data-e-type=\"container\">\n\t\t\t\t<div class=\"elementor-element elementor-element-c79598d elementor-widget__width-initial elementor-widget elementor-widget-heading\" data-id=\"c79598d\" data-element_type=\"widget\" data-e-type=\"widget\" data-widget_type=\"heading.default\">\n\t\t\t\t\t<h2 class=\"elementor-heading-title elementor-size-default\">Quando il gruppo fa la differenza:<br> \nl\u2019eccellenza Aermec nel sistema Giordano Riello Group<\/h2>\t\t\t\t<\/div>\n\t\t\t\t<div class=\"elementor-element elementor-element-ec562d6 elementor-widget elementor-widget-text-editor\" data-id=\"ec562d6\" data-element_type=\"widget\" data-e-type=\"widget\" data-widget_type=\"text-editor.default\">\n\t\t\t\t\t\t\t\t\t<p>Aermec \u00e8 la societ\u00e0 principale e il marchio pi\u00f9 conosciuto del <strong>Giordano Riello International Group<\/strong>, un solido polo industriale italiano a conduzione familiare che vanta una storia d&#8217;eccellenza lunga <strong>cinque generazioni<\/strong>. Sotto la guida della famiglia Riello, il Gruppo si \u00e8 affermato come uno dei protagonisti mondiali nel settore HVAC, operando oggi attraverso <strong>9 marchi distinti e 10 stabilimenti produttivi.<\/strong><\/p><p>Con un fatturato aggregato superiore ai <strong>700 milioni di euro<\/strong> e oltre 2.000 collaboratori, questa realt\u00e0 garantisce un&#8217;indipendenza strategica che permette di coniugare la tradizione manifatturiera con una visione orientata al futuro, come testimoniato dall&#8217;avvio del percorso di rendicontazione con il primo <strong>Report di Sostenibilit\u00e0 <\/strong>nel 2024.<br \/>Questa sinergia permette di offrire un livello combinato di soluzioni che trascende la semplice climatizzazione, abbracciando ambiti quali il trattamento dell&#8217;aria, gli scambiatori di calore, i motori elettrici, la domotica e gli strumenti di misura di precisione. Il Gruppo si rafforza attraverso l&#8217;<strong>innovazione tecnologica <\/strong>continuando a rispondere con efficacia a una richiesta di benessere sempre pi\u00f9 complessa nei mercati in continua evoluzione.<\/p>\t\t\t\t\t\t\t\t<\/div>\n\t\t\t\t<div class=\"elementor-element elementor-element-140706f elementor-align-left elementor-widget elementor-widget-button\" data-id=\"140706f\" data-element_type=\"widget\" data-e-type=\"widget\" data-widget_type=\"button.default\">\n\t\t\t\t\t\t\t\t\t\t<a class=\"elementor-button elementor-button-link elementor-size-sm\" href=\"https:\/\/riellointernational.com\/\" target=\"_blank\">\n\t\t\t\t\t\t<span class=\"elementor-button-content-wrapper\">\n\t\t\t\t\t\t<span class=\"elementor-button-icon\">\n\t\t\t\t<svg aria-hidden=\"true\" class=\"e-font-icon-svg e-fas-caret-right\" viewBox=\"0 0 192 512\" xmlns=\"http:\/\/www.w3.org\/2000\/svg\"><path d=\"M0 384.662V127.338c0-17.818 21.543-26.741 34.142-14.142l128.662 128.662c7.81 7.81 7.81 20.474 0 28.284L34.142 398.804C21.543 411.404 0 402.48 0 384.662z\"><\/path><\/svg>\t\t\t<\/span>\n\t\t\t\t\t\t\t\t\t<span class=\"elementor-button-text\">Visita Riellointernational.com<\/span>\n\t\t\t\t\t<\/span>\n\t\t\t\t\t<\/a>\n\t\t\t\t\t\t\t\t<\/div>\n\t\t\t\t<\/div>\n\t\t\t\t<\/div>\n\t\t\t\t\t<\/div>\n\t\t\t\t<\/div>\n\t\t\t\t<\/div>\n\t\t","protected":false},"excerpt":{"rendered":"<p>Azienda Aermec rappresenta l&#8217;eccellenza internazionale nel comfort e nell&#8217;innovazione sostenibile. Fondata nel 1961 da Giordano Riello con l\u2019obiettivo di garantire benessere e comfort in ogni ambiente dove si vive e si lavora, Aermec si \u00e8 evoluta da realt\u00e0 territoriale a punto di riferimento internazionale nella climatizzazione ed opera oggi in oltre 140 Paesi. Grazie a [&hellip;]<\/p>\n","protected":false},"author":1,"featured_media":14,"parent":0,"menu_order":60,"comment_status":"closed","ping_status":"closed","template":"","meta":{"_acf_changed":false,"footnotes":""},"class_list":["post-203","page","type-page","status-publish","has-post-thumbnail","hentry"],"acf":[],"yoast_head":"<!-- This site is optimized with the Yoast SEO plugin v27.2 - https:\/\/yoast.com\/product\/yoast-seo-wordpress\/ -->\n<title>Azienda - Aermec<\/title>\n<meta name=\"robots\" content=\"index, follow, max-snippet:-1, max-image-preview:large, max-video-preview:-1\" \/>\n<link rel=\"canonical\" href=\"https:\/\/global.aermec.com\/it\/azienda\/\" \/>\n<meta property=\"og:locale\" content=\"it_IT\" \/>\n<meta property=\"og:type\" content=\"article\" \/>\n<meta property=\"og:title\" content=\"Azienda - Aermec\" \/>\n<meta property=\"og:description\" content=\"Azienda Aermec rappresenta l&#8217;eccellenza internazionale nel comfort e nell&#8217;innovazione sostenibile. Fondata nel 1961 da Giordano Riello con l\u2019obiettivo di garantire benessere e comfort in ogni ambiente dove si vive e si lavora, Aermec si \u00e8 evoluta da realt\u00e0 territoriale a punto di riferimento internazionale nella climatizzazione ed opera oggi in oltre 140 Paesi. Grazie a [&hellip;]\" \/>\n<meta property=\"og:url\" content=\"https:\/\/global.aermec.com\/it\/azienda\/\" \/>\n<meta property=\"og:site_name\" content=\"Aermec\" \/>\n<meta property=\"article:modified_time\" content=\"2026-03-20T11:43:36+00:00\" \/>\n<meta property=\"og:image\" content=\"https:\/\/global.aermec.com\/wp-content\/uploads\/2026\/01\/screenshot.png\" \/>\n\t<meta property=\"og:image:width\" content=\"1200\" \/>\n\t<meta property=\"og:image:height\" content=\"900\" \/>\n\t<meta property=\"og:image:type\" content=\"image\/png\" \/>\n<meta name=\"twitter:card\" content=\"summary_large_image\" \/>\n<meta name=\"twitter:label1\" content=\"Tempo di lettura stimato\" \/>\n\t<meta name=\"twitter:data1\" content=\"9 minuti\" \/>\n<script type=\"application\/ld+json\" class=\"yoast-schema-graph\">{\"@context\":\"https:\/\/schema.org\",\"@graph\":[{\"@type\":\"WebPage\",\"@id\":\"https:\/\/global.aermec.com\/it\/azienda\/\",\"url\":\"https:\/\/global.aermec.com\/it\/azienda\/\",\"name\":\"Azienda - Aermec\",\"isPartOf\":{\"@id\":\"https:\/\/global.aermec.com\/it\/#website\"},\"primaryImageOfPage\":{\"@id\":\"https:\/\/global.aermec.com\/it\/azienda\/#primaryimage\"},\"image\":{\"@id\":\"https:\/\/global.aermec.com\/it\/azienda\/#primaryimage\"},\"thumbnailUrl\":\"https:\/\/global.aermec.com\/wp-content\/uploads\/2026\/01\/screenshot.png\",\"datePublished\":\"2026-01-14T14:28:50+00:00\",\"dateModified\":\"2026-03-20T11:43:36+00:00\",\"breadcrumb\":{\"@id\":\"https:\/\/global.aermec.com\/it\/azienda\/#breadcrumb\"},\"inLanguage\":\"it-IT\",\"potentialAction\":[{\"@type\":\"ReadAction\",\"target\":[\"https:\/\/global.aermec.com\/it\/azienda\/\"]}]},{\"@type\":\"ImageObject\",\"inLanguage\":\"it-IT\",\"@id\":\"https:\/\/global.aermec.com\/it\/azienda\/#primaryimage\",\"url\":\"https:\/\/global.aermec.com\/wp-content\/uploads\/2026\/01\/screenshot.png\",\"contentUrl\":\"https:\/\/global.aermec.com\/wp-content\/uploads\/2026\/01\/screenshot.png\",\"width\":1200,\"height\":900,\"caption\":\"Aermec - Campioni del clima\"},{\"@type\":\"BreadcrumbList\",\"@id\":\"https:\/\/global.aermec.com\/it\/azienda\/#breadcrumb\",\"itemListElement\":[{\"@type\":\"ListItem\",\"position\":1,\"name\":\"Home\",\"item\":\"https:\/\/global.aermec.com\/it\/\"},{\"@type\":\"ListItem\",\"position\":2,\"name\":\"Azienda\"}]},{\"@type\":\"WebSite\",\"@id\":\"https:\/\/global.aermec.com\/it\/#website\",\"url\":\"https:\/\/global.aermec.com\/it\/\",\"name\":\"Aermec\",\"description\":\"Ridefiniamo il futuro della climatizzazione.\",\"publisher\":{\"@id\":\"https:\/\/global.aermec.com\/it\/#organization\"},\"potentialAction\":[{\"@type\":\"SearchAction\",\"target\":{\"@type\":\"EntryPoint\",\"urlTemplate\":\"https:\/\/global.aermec.com\/it\/?s={search_term_string}\"},\"query-input\":{\"@type\":\"PropertyValueSpecification\",\"valueRequired\":true,\"valueName\":\"search_term_string\"}}],\"inLanguage\":\"it-IT\"},{\"@type\":\"Organization\",\"@id\":\"https:\/\/global.aermec.com\/it\/#organization\",\"name\":\"Aermec\",\"url\":\"https:\/\/global.aermec.com\/it\/\",\"logo\":{\"@type\":\"ImageObject\",\"inLanguage\":\"it-IT\",\"@id\":\"https:\/\/global.aermec.com\/it\/#\/schema\/logo\/image\/\",\"url\":\"https:\/\/global.aermec.com\/wp-content\/uploads\/2026\/01\/aermec-1.svg\",\"contentUrl\":\"https:\/\/global.aermec.com\/wp-content\/uploads\/2026\/01\/aermec-1.svg\",\"width\":149,\"height\":40,\"caption\":\"Aermec\"},\"image\":{\"@id\":\"https:\/\/global.aermec.com\/it\/#\/schema\/logo\/image\/\"},\"sameAs\":[\"https:\/\/www.linkedin.com\/company\/aermec\/\",\"https:\/\/www.youtube.com\/c\/AERMECSpa\"]}]}<\/script>\n<!-- \/ Yoast SEO plugin. -->","yoast_head_json":{"title":"Azienda - Aermec","robots":{"index":"index","follow":"follow","max-snippet":"max-snippet:-1","max-image-preview":"max-image-preview:large","max-video-preview":"max-video-preview:-1"},"canonical":"https:\/\/global.aermec.com\/it\/azienda\/","og_locale":"it_IT","og_type":"article","og_title":"Azienda - Aermec","og_description":"Azienda Aermec rappresenta l&#8217;eccellenza internazionale nel comfort e nell&#8217;innovazione sostenibile. Fondata nel 1961 da Giordano Riello con l\u2019obiettivo di garantire benessere e comfort in ogni ambiente dove si vive e si lavora, Aermec si \u00e8 evoluta da realt\u00e0 territoriale a punto di riferimento internazionale nella climatizzazione ed opera oggi in oltre 140 Paesi. Grazie a [&hellip;]","og_url":"https:\/\/global.aermec.com\/it\/azienda\/","og_site_name":"Aermec","article_modified_time":"2026-03-20T11:43:36+00:00","og_image":[{"width":1200,"height":900,"url":"https:\/\/global.aermec.com\/wp-content\/uploads\/2026\/01\/screenshot.png","type":"image\/png"}],"twitter_card":"summary_large_image","twitter_misc":{"Tempo di lettura stimato":"9 minuti"},"schema":{"@context":"https:\/\/schema.org","@graph":[{"@type":"WebPage","@id":"https:\/\/global.aermec.com\/it\/azienda\/","url":"https:\/\/global.aermec.com\/it\/azienda\/","name":"Azienda - Aermec","isPartOf":{"@id":"https:\/\/global.aermec.com\/it\/#website"},"primaryImageOfPage":{"@id":"https:\/\/global.aermec.com\/it\/azienda\/#primaryimage"},"image":{"@id":"https:\/\/global.aermec.com\/it\/azienda\/#primaryimage"},"thumbnailUrl":"https:\/\/global.aermec.com\/wp-content\/uploads\/2026\/01\/screenshot.png","datePublished":"2026-01-14T14:28:50+00:00","dateModified":"2026-03-20T11:43:36+00:00","breadcrumb":{"@id":"https:\/\/global.aermec.com\/it\/azienda\/#breadcrumb"},"inLanguage":"it-IT","potentialAction":[{"@type":"ReadAction","target":["https:\/\/global.aermec.com\/it\/azienda\/"]}]},{"@type":"ImageObject","inLanguage":"it-IT","@id":"https:\/\/global.aermec.com\/it\/azienda\/#primaryimage","url":"https:\/\/global.aermec.com\/wp-content\/uploads\/2026\/01\/screenshot.png","contentUrl":"https:\/\/global.aermec.com\/wp-content\/uploads\/2026\/01\/screenshot.png","width":1200,"height":900,"caption":"Aermec - Campioni del clima"},{"@type":"BreadcrumbList","@id":"https:\/\/global.aermec.com\/it\/azienda\/#breadcrumb","itemListElement":[{"@type":"ListItem","position":1,"name":"Home","item":"https:\/\/global.aermec.com\/it\/"},{"@type":"ListItem","position":2,"name":"Azienda"}]},{"@type":"WebSite","@id":"https:\/\/global.aermec.com\/it\/#website","url":"https:\/\/global.aermec.com\/it\/","name":"Aermec","description":"Ridefiniamo il futuro della climatizzazione.","publisher":{"@id":"https:\/\/global.aermec.com\/it\/#organization"},"potentialAction":[{"@type":"SearchAction","target":{"@type":"EntryPoint","urlTemplate":"https:\/\/global.aermec.com\/it\/?s={search_term_string}"},"query-input":{"@type":"PropertyValueSpecification","valueRequired":true,"valueName":"search_term_string"}}],"inLanguage":"it-IT"},{"@type":"Organization","@id":"https:\/\/global.aermec.com\/it\/#organization","name":"Aermec","url":"https:\/\/global.aermec.com\/it\/","logo":{"@type":"ImageObject","inLanguage":"it-IT","@id":"https:\/\/global.aermec.com\/it\/#\/schema\/logo\/image\/","url":"https:\/\/global.aermec.com\/wp-content\/uploads\/2026\/01\/aermec-1.svg","contentUrl":"https:\/\/global.aermec.com\/wp-content\/uploads\/2026\/01\/aermec-1.svg","width":149,"height":40,"caption":"Aermec"},"image":{"@id":"https:\/\/global.aermec.com\/it\/#\/schema\/logo\/image\/"},"sameAs":["https:\/\/www.linkedin.com\/company\/aermec\/","https:\/\/www.youtube.com\/c\/AERMECSpa"]}]}},"_links":{"self":[{"href":"https:\/\/global.aermec.com\/it\/wp-json\/wp\/v2\/pages\/203","targetHints":{"allow":["GET"]}}],"collection":[{"href":"https:\/\/global.aermec.com\/it\/wp-json\/wp\/v2\/pages"}],"about":[{"href":"https:\/\/global.aermec.com\/it\/wp-json\/wp\/v2\/types\/page"}],"author":[{"embeddable":true,"href":"https:\/\/global.aermec.com\/it\/wp-json\/wp\/v2\/users\/1"}],"replies":[{"embeddable":true,"href":"https:\/\/global.aermec.com\/it\/wp-json\/wp\/v2\/comments?post=203"}],"version-history":[{"count":10,"href":"https:\/\/global.aermec.com\/it\/wp-json\/wp\/v2\/pages\/203\/revisions"}],"predecessor-version":[{"id":11331,"href":"https:\/\/global.aermec.com\/it\/wp-json\/wp\/v2\/pages\/203\/revisions\/11331"}],"wp:featuredmedia":[{"embeddable":true,"href":"https:\/\/global.aermec.com\/it\/wp-json\/wp\/v2\/media\/14"}],"wp:attachment":[{"href":"https:\/\/global.aermec.com\/it\/wp-json\/wp\/v2\/media?parent=203"}],"curies":[{"name":"wp","href":"https:\/\/api.w.org\/{rel}","templated":true}]}}